{"id":225,"date":"2020-10-09T09:36:36","date_gmt":"2020-10-09T09:36:36","guid":{"rendered":"http:\/\/el.commonsupport.com\/newwp\/hotera\/?page_id=225"},"modified":"2025-10-29T08:03:47","modified_gmt":"2025-10-29T08:03:47","slug":"about-us","status":"publish","type":"page","link":"https:\/\/www.designhousemilano.it\/?page_id=225","title":{"rendered":"About Us"},"content":{"rendered":"\t\t<div data-elementor-type=\"wp-page\" data-elementor-id=\"225\" class=\"elementor elementor-225\">\n\t\t\t\t\t\t<section class=\"elementor-section elementor-top-section elementor-element elementor-element-ab76bec elementor-section-full_width elementor-section-height-default elementor-section-height-default\" data-id=\"ab76bec\" data-element_type=\"section\" data-e-type=\"section\">\n\t\t\t\t\t\t<div class=\"elementor-container elementor-column-gap-default\">\n\t\t\t\t\t<div class=\"elementor-column elementor-col-100 elementor-top-column elementor-element elementor-element-869346d\" data-id=\"869346d\" data-element_type=\"column\" data-e-type=\"column\">\n\t\t\t<div class=\"elementor-widget-wrap elementor-element-populated\">\n\t\t\t\t\t\t<div class=\"elementor-element elementor-element-d4889a3 elementor-widget elementor-widget-hotera_about_us_v4\" data-id=\"d4889a3\" data-element_type=\"widget\" data-e-type=\"widget\" data-widget_type=\"hotera_about_us_v4.default\">\n\t\t\t\t<div class=\"elementor-widget-container\">\n\t\t\t\t\t        \n        <!--Featured Section-->\n        <section class=\"featured-section-four\">\n                        <span class=\"dotted-pattern dotted-pattern-11\"><\/span>\n            <div class=\"circles-two\">\n                <div class=\"c-1\"><\/div>\n                <div class=\"c-2\"><\/div>\n            <\/div>\n                        <div class=\"auto-container\">\n                <div class=\"row clearfix\">\n                    <!--Text Column-->\n                    <div class=\"text-column col-lg-6 col-md-12 col-sm-12\">\n                        <div class=\"inner\">\n                            <div class=\"sec-title\">\n                                <h2>DesignHouseMilano <br>La tua casa lontano da casa<\/h2>\n                            <\/div>\n                            <div class=\"text\">Un luogo tranquillo, essenziale, accogliente.\u2028<br>\nNel cuore di Milano, ma lontano dal rumore.\u2028<br>\nDesignHouse \u00e8 uno spazio curato, <br>dove il design \u00e8 semplice e la calma si fa sentire.\u2028\u2028<br>Linee pulite, materiali naturali, atmosfera rilassata.\u2028\u2028<br>Per chi cerca una pausa, un equilibrio, un calmo rifugio urbano.<\/div>\n                                                        <div class=\"signature\"><img decoding=\"async\" src=\"https:\/\/www.designhousemilano.it\/wp-content\/uploads\/2020\/11\/firma-e1759165491575.jpg\" alt=\"Awesome Image\"><\/div>                        <\/div>\n                    <\/div>\n                    <!--Image Column-->\n                    <div class=\"image-column col-lg-6 col-md-12 col-sm-12\">\n                        <div class=\"inner\">\n                            <span class=\"dotted-pattern dotted-pattern-10\"><\/span>\n                            <div class=\"image-box clearfix\">\n                                <figure class=\"image wow fadeInUp\" data-wow-delay=\"0ms\" data-wow-duration=\"1500ms\"><img decoding=\"async\" src=\"https:\/\/www.designhousemilano.it\/wp-content\/uploads\/2025\/10\/Davide.jpg\" alt=\"Awesome Image\"><\/figure>                                <figure class=\"image wow fadeInRight\" data-wow-delay=\"300ms\" data-wow-duration=\"1500ms\"><img decoding=\"async\" src=\"https:\/\/www.designhousemilano.it\/wp-content\/uploads\/2020\/10\/featured-image-13.jpg\" alt=\"Awesome Image\"><\/figure>                                <figure class=\"image wow fadeInLeft\" data-wow-delay=\"300ms\" data-wow-duration=\"1500ms\"><img decoding=\"async\" src=\"https:\/\/www.designhousemilano.it\/wp-content\/uploads\/2020\/10\/featured-image-14.jpg\" alt=\"Awesome Image\"><\/figure>                            <\/div>\n                        <\/div>\n                    <\/div>\n                <\/div>\n            <\/div>\n        <\/section>\n        \n\t\t\t\t\t\t<\/div>\n\t\t\t\t<\/div>\n\t\t\t\t<div class=\"elementor-element elementor-element-4185482 animated-slow elementor-invisible elementor-widget elementor-widget-hotera_our_history\" data-id=\"4185482\" data-element_type=\"widget\" data-e-type=\"widget\" data-settings=\"{&quot;_animation&quot;:&quot;slideInRight&quot;}\" data-widget_type=\"hotera_our_history.default\">\n\t\t\t\t<div class=\"elementor-widget-container\">\n\t\t\t\t\t        \n        <!--Why Section-->\n        <section class=\"history-section\">\n                        <span class=\"dotted-pattern dotted-pattern-6\"><\/span>\n            <span class=\"tri-pattern tri-pattern-5\"><\/span>\n            <div class=\"circles\">\n                <div class=\"c-1\"><\/div>\n                <div class=\"c-2\"><\/div>\n            <\/div>\n                        <div class=\"auto-container\">\n                <div class=\"sec-title centered\">\n                    <h2>La  nostra Storia<\/h2>\n                    <div class=\"lower-text\">DesignHouseMilano \u00e8 nata per offrire un tipo di ospitalit\u00e0 diversa dal classico appartamento in affitto per turisti. \nIl nostro obiettivo \u00e8 quello di accogliere le persone in un ambiente rilassante e ben equilibrato per permettere loro di godere della pace e della tranquillit\u00e0 del luogo. <\/div>\n                <\/div>\n                <div class=\"h-container\">\n                                        <!--Block-->\n                    <div class=\"history-block\">\n                        <div class=\"row clearfix\">\n                            <div class=\"content-col col-lg-6 col-md-6 col-sm-12\">\n                                <div class=\"inner wow fadeInLeft\" data-wow-delay=\"0ms\" data-wow-duration=\"1500ms\">\n                                                                        <div class=\"image-box\">\n                                        <div class=\"image\"><img decoding=\"async\" src=\"https:\/\/www.designhousemilano.it\/wp-content\/uploads\/2025\/10\/IMG_4551.jpg\" alt=\"Awesome Image\"><\/div>\n                                    <\/div>\n                                                                        <div class=\"lower-box\">\n                                        <h3>2004 - Gli inizi<\/h3>\n                                        <div class=\"text\">L\u2019appartamento viene acquisito nei primi anni Duemila, in uno stato complessivamente buono ma privo di carattere. Gli spazi sono ordinati e funzionali, ma non raccontano ancora una storia. Inizialmente \u00e8 destinato a ufficio professionale: un luogo pensato per il lavoro, dove la praticit\u00e0 prevale sull\u2019atmosfera.<\/div>\n                                    <\/div>\n                                <\/div>\n                            <\/div>\n                            <div class=\"empty-col col-lg-6 col-md-6 col-sm-12\">\n    \n                            <\/div>\n                        <\/div>\n                    <\/div>\n                                        <!--Block-->\n                    <div class=\"history-block alternate\">\n                        <div class=\"row clearfix\">\n                            <div class=\"content-col col-lg-6 col-md-6 col-sm-12\">\n                                <div class=\"inner wow fadeInRight\" data-wow-delay=\"0ms\" data-wow-duration=\"1500ms\">\n                                                                        <div class=\"image-box\">\n                                        <div class=\"image\"><img decoding=\"async\" src=\"https:\/\/www.designhousemilano.it\/wp-content\/uploads\/2025\/10\/IMG_5801-copia.jpg\" alt=\"Awesome Image\"><\/div>\n                                    <\/div>\n                                                                        <div class=\"lower-box\">\n                                        <h3>2013 L'atelier di design<\/h3>\n                                        <div class=\"text\">Nel 2013 arriva la prima vera trasformazione. L\u2019appartamento cambia volto e diventa uno studio di architettura e design. Si trasforma in un piccolo atelier creativo, un laboratorio di idee e ispirazioni dove materiali, colori e forme si incontrano ogni giorno. Le stanze si riempiono di energia, di progetti in corso e di quella bellezza vissuta che solo gli spazi abitati da chi crea sanno trasmettere.<\/div>\n                                    <\/div>\n                                <\/div>\n                            <\/div>\n                            <div class=\"empty-col col-lg-6 col-md-6 col-sm-12\">\n    \n                            <\/div>\n                        <\/div>\n                    <\/div>\n                                        <!--Block-->\n                    <div class=\"history-block\">\n                        <div class=\"row clearfix\">\n                            <div class=\"content-col col-lg-6 col-md-6 col-sm-12\">\n                                <div class=\"inner wow fadeInLeft\" data-wow-delay=\"0ms\" data-wow-duration=\"1500ms\">\n                                                                        <div class=\"image-box\">\n                                        <div class=\"image\"><img decoding=\"async\" src=\"https:\/\/www.designhousemilano.it\/wp-content\/uploads\/2025\/10\/IMG_4465-copia.jpg\" alt=\"Awesome Image\"><\/div>\n                                    <\/div>\n                                                                        <div class=\"lower-box\">\n                                        <h3>2021 Nasce DesignHouseMilano<\/h3>\n                                        <div class=\"text\">Nel 2021, dopo la pausa imposta dalla pandemia, prende vita un nuovo capitolo: DesignHouseMilano. Da studio professionale diventa luogo di accoglienza, pensato per offrire un\u2019esperienza di ospitalit\u00e0 su misura a viaggiatori provenienti da tutto il mondo. Un progetto che continua a respirare creativit\u00e0 e design, ma che oggi lo fa aprendosi agli altri.<\/div>\n                                    <\/div>\n                                <\/div>\n                            <\/div>\n                            <div class=\"empty-col col-lg-6 col-md-6 col-sm-12\">\n    \n                            <\/div>\n                        <\/div>\n                    <\/div>\n                                    <\/div>\n            <\/div>\n        <\/section>\n        \n\t\t\t\t\t\t<\/div>\n\t\t\t\t<\/div>\n\t\t\t\t\t<\/div>\n\t\t<\/div>\n\t\t\t\t\t<\/div>\n\t\t<\/section>\n\t\t<div class=\"elementor-element elementor-element-595c917 e-flex e-con-boxed e-con e-parent\" data-id=\"595c917\" data-element_type=\"container\" data-e-type=\"container\">\n\t\t\t\t\t<div class=\"e-con-inner\">\n\t\t\t\t<div class=\"elementor-element elementor-element-41cf927 elementor-widget elementor-widget-hotera_our_testimonials\" data-id=\"41cf927\" data-element_type=\"widget\" data-e-type=\"widget\" data-widget_type=\"hotera_our_testimonials.default\">\n\t\t\t\t<div class=\"elementor-widget-container\">\n\t\t\t\t\t\t\t\t\n        <!--Testimonials Section-->\n        <section class=\"testimonials-section \">\n                        <span class=\"dotted-pattern dotted-pattern-3\"><\/span>\n            <span class=\"tri-pattern tri-pattern-2\"><\/span>\n                        <div class=\"auto-container\">\n                <div class=\"sec-title centered\">\n                    <h2>Le recensioni dei <br> nostri ospiti<\/h2>\n                    <div class=\"lower-text\"><\/div>\n                <\/div>\n    \n                <div class=\"carousel-box\">\n                    <div class=\"testimonial-carousel owl-theme owl-carousel\">\n                                                <div class=\"testimonial-block\">\n                            <div class=\"inner\">\n                                <div class=\"content-box\">\n                                    <div class=\"content\">\n                                        <div class=\"quote-icon\"><span class=\"flaticon-quote-1\"><\/span><\/div>\n                                        <div class=\"text\">Davide \u00e8 un host perfetto e ti fa sentire a casa. Non vediamo l&#8217;ora di tornare presto.<\/div>\n                                    <\/div>\n                                <\/div>\n                                \n                                <div class=\"info\">\n                                    <div class=\"image\"><img decoding=\"async\" width=\"75\" height=\"75\" src=\"https:\/\/www.designhousemilano.it\/wp-content\/uploads\/2025\/10\/Schermata-2025-10-29-alle-09.09.55-75x75.png\" class=\"attachment-hotera_75x75 size-hotera_75x75 wp-post-image\" alt=\"\" srcset=\"https:\/\/www.designhousemilano.it\/wp-content\/uploads\/2025\/10\/Schermata-2025-10-29-alle-09.09.55-75x75.png 75w, https:\/\/www.designhousemilano.it\/wp-content\/uploads\/2025\/10\/Schermata-2025-10-29-alle-09.09.55-300x300.png 300w, https:\/\/www.designhousemilano.it\/wp-content\/uploads\/2025\/10\/Schermata-2025-10-29-alle-09.09.55-150x150.png 150w, https:\/\/www.designhousemilano.it\/wp-content\/uploads\/2025\/10\/Schermata-2025-10-29-alle-09.09.55-480x480.png 480w, https:\/\/www.designhousemilano.it\/wp-content\/uploads\/2025\/10\/Schermata-2025-10-29-alle-09.09.55-370x370.png 370w, https:\/\/www.designhousemilano.it\/wp-content\/uploads\/2025\/10\/Schermata-2025-10-29-alle-09.09.55-93x93.png 93w, https:\/\/www.designhousemilano.it\/wp-content\/uploads\/2025\/10\/Schermata-2025-10-29-alle-09.09.55-363x363.png 363w, https:\/\/www.designhousemilano.it\/wp-content\/uploads\/2025\/10\/Schermata-2025-10-29-alle-09.09.55.png 605w\" sizes=\"(max-width: 75px) 100vw, 75px\" \/><\/div>\n                                    <div class=\"name\">Peter R. &#8211; Italy<\/div>\n                                    <div class=\"designation\"><\/div>\n                                <\/div>\n                            <\/div>\n                        <\/div>\n                                                <div class=\"testimonial-block\">\n                            <div class=\"inner\">\n                                <div class=\"content-box\">\n                                    <div class=\"content\">\n                                        <div class=\"quote-icon\"><span class=\"flaticon-quote-1\"><\/span><\/div>\n                                        <div class=\"text\">\u00c8 la seconda volta che soggiorno in questo appartamento. Apprezzo il design e la pulizia. Anche l&#8217;appartamento. Situato con un sacco di ristoranti e negozi nelle vicinanze. Tutto ci\u00f2 che riguarda l&#8217;appartamento per auto lo rende confortevole. Davide \u00e8 un ottimo host. \u00c8 completamente reattivo e disponibile per qualsiasi problema. Non vedo l&#8217;ora di soggiornare qui ancora una volta durante la mia prossima visita a Milano.<\/div>\n                                    <\/div>\n                                <\/div>\n                                \n                                <div class=\"info\">\n                                    <div class=\"image\"><img decoding=\"async\" width=\"75\" height=\"75\" src=\"https:\/\/www.designhousemilano.it\/wp-content\/uploads\/2025\/10\/donald-75x75.jpg\" class=\"attachment-hotera_75x75 size-hotera_75x75 wp-post-image\" alt=\"\" srcset=\"https:\/\/www.designhousemilano.it\/wp-content\/uploads\/2025\/10\/donald-75x75.jpg 75w, https:\/\/www.designhousemilano.it\/wp-content\/uploads\/2025\/10\/donald-300x300.jpg 300w, https:\/\/www.designhousemilano.it\/wp-content\/uploads\/2025\/10\/donald-1024x1024.jpg 1024w, https:\/\/www.designhousemilano.it\/wp-content\/uploads\/2025\/10\/donald-150x150.jpg 150w, https:\/\/www.designhousemilano.it\/wp-content\/uploads\/2025\/10\/donald-768x768.jpg 768w, https:\/\/www.designhousemilano.it\/wp-content\/uploads\/2025\/10\/donald-1536x1536.jpg 1536w, https:\/\/www.designhousemilano.it\/wp-content\/uploads\/2025\/10\/donald-480x480.jpg 480w, https:\/\/www.designhousemilano.it\/wp-content\/uploads\/2025\/10\/donald-370x370.jpg 370w, https:\/\/www.designhousemilano.it\/wp-content\/uploads\/2025\/10\/donald-93x93.jpg 93w, https:\/\/www.designhousemilano.it\/wp-content\/uploads\/2025\/10\/donald-363x363.jpg 363w, https:\/\/www.designhousemilano.it\/wp-content\/uploads\/2025\/10\/donald.jpg 2048w\" sizes=\"(max-width: 75px) 100vw, 75px\" \/><\/div>\n                                    <div class=\"name\">Donald C. &#8211; Usa<\/div>\n                                    <div class=\"designation\"><\/div>\n                                <\/div>\n                            <\/div>\n                        <\/div>\n                                                <div class=\"testimonial-block\">\n                            <div class=\"inner\">\n                                <div class=\"content-box\">\n                                    <div class=\"content\">\n                                        <div class=\"quote-icon\"><span class=\"flaticon-quote-1\"><\/span><\/div>\n                                        <div class=\"text\">Oltre ad essere un apartment da favola, Davide una persona deliciosa, alla mano per qualsiasi suggerimento da fare nei dintorni ed in citt\u00e0, potete contare su di lui!. Appartamento bellissimo, comodo e tenuto molto bene anche nei piccoli particolari , da tornare sempre che si viene per il salone del mobile, fashion week ma anche per un semplice wkend a Milano<\/div>\n                                    <\/div>\n                                <\/div>\n                                \n                                <div class=\"info\">\n                                    <div class=\"image\"><img decoding=\"async\" width=\"75\" height=\"75\" src=\"https:\/\/www.designhousemilano.it\/wp-content\/uploads\/2025\/10\/yaneisi-75x75.jpg\" class=\"attachment-hotera_75x75 size-hotera_75x75 wp-post-image\" alt=\"\" srcset=\"https:\/\/www.designhousemilano.it\/wp-content\/uploads\/2025\/10\/yaneisi-75x75.jpg 75w, https:\/\/www.designhousemilano.it\/wp-content\/uploads\/2025\/10\/yaneisi-300x300.jpg 300w, https:\/\/www.designhousemilano.it\/wp-content\/uploads\/2025\/10\/yaneisi-150x150.jpg 150w, https:\/\/www.designhousemilano.it\/wp-content\/uploads\/2025\/10\/yaneisi-768x768.jpg 768w, https:\/\/www.designhousemilano.it\/wp-content\/uploads\/2025\/10\/yaneisi-480x480.jpg 480w, https:\/\/www.designhousemilano.it\/wp-content\/uploads\/2025\/10\/yaneisi-370x370.jpg 370w, https:\/\/www.designhousemilano.it\/wp-content\/uploads\/2025\/10\/yaneisi-93x93.jpg 93w, https:\/\/www.designhousemilano.it\/wp-content\/uploads\/2025\/10\/yaneisi-363x363.jpg 363w, https:\/\/www.designhousemilano.it\/wp-content\/uploads\/2025\/10\/yaneisi.jpg 1024w\" sizes=\"(max-width: 75px) 100vw, 75px\" \/><\/div>\n                                    <div class=\"name\">Yaneisi M. &#8211; Italy<\/div>\n                                    <div class=\"designation\"><\/div>\n                                <\/div>\n                            <\/div>\n                        <\/div>\n                                                <div class=\"testimonial-block\">\n                            <div class=\"inner\">\n                                <div class=\"content-box\">\n                                    <div class=\"content\">\n                                        <div class=\"quote-icon\"><span class=\"flaticon-quote-1\"><\/span><\/div>\n                                        <div class=\"text\">Davide offre una meravigliosa casa lontano da casa per chi desidera esplorare Milano o \u00e8 in viaggio verso la prossima destinazione. Grazie alla procedura di check-in e check-out senza intoppi, alla posizione e alle opzioni culinarie circostanti, posso consigliare vivamente l&#8217;alloggio di Davide per una visita a Milano.<\/div>\n                                    <\/div>\n                                <\/div>\n                                \n                                <div class=\"info\">\n                                    <div class=\"image\"><img loading=\"lazy\" decoding=\"async\" width=\"75\" height=\"75\" src=\"https:\/\/www.designhousemilano.it\/wp-content\/uploads\/2025\/10\/trevor-75x75.jpg\" class=\"attachment-hotera_75x75 size-hotera_75x75 wp-post-image\" alt=\"\" srcset=\"https:\/\/www.designhousemilano.it\/wp-content\/uploads\/2025\/10\/trevor-75x75.jpg 75w, https:\/\/www.designhousemilano.it\/wp-content\/uploads\/2025\/10\/trevor-300x300.jpg 300w, https:\/\/www.designhousemilano.it\/wp-content\/uploads\/2025\/10\/trevor-150x150.jpg 150w, https:\/\/www.designhousemilano.it\/wp-content\/uploads\/2025\/10\/trevor-768x768.jpg 768w, https:\/\/www.designhousemilano.it\/wp-content\/uploads\/2025\/10\/trevor-480x480.jpg 480w, https:\/\/www.designhousemilano.it\/wp-content\/uploads\/2025\/10\/trevor-370x370.jpg 370w, https:\/\/www.designhousemilano.it\/wp-content\/uploads\/2025\/10\/trevor-93x93.jpg 93w, https:\/\/www.designhousemilano.it\/wp-content\/uploads\/2025\/10\/trevor-363x363.jpg 363w, https:\/\/www.designhousemilano.it\/wp-content\/uploads\/2025\/10\/trevor.jpg 1024w\" sizes=\"(max-width: 75px) 100vw, 75px\" \/><\/div>\n                                    <div class=\"name\">Trevor L. &#8211; Germany<\/div>\n                                    <div class=\"designation\"><\/div>\n                                <\/div>\n                            <\/div>\n                        <\/div>\n                                                <div class=\"testimonial-block\">\n                            <div class=\"inner\">\n                                <div class=\"content-box\">\n                                    <div class=\"content\">\n                                        <div class=\"quote-icon\"><span class=\"flaticon-quote-1\"><\/span><\/div>\n                                        <div class=\"text\">Abbiamo trascorso un soggiorno fantastico nell&#8217;appartamento di Davide! \u00c8 un host amichevole e meraviglioso, comunicativo e disponibile. L&#8217;appartamento \u00e8 situato lontano dal trambusto del centro di Milano, in una strada tranquilla, anche se il centro \u00e8 ancora molto percorribile a piedi dall&#8217;appartamento. Lo consiglio vivamente!<\/div>\n                                    <\/div>\n                                <\/div>\n                                \n                                <div class=\"info\">\n                                    <div class=\"image\"><img loading=\"lazy\" decoding=\"async\" width=\"75\" height=\"75\" src=\"https:\/\/www.designhousemilano.it\/wp-content\/uploads\/2025\/10\/ankur-75x75.jpg\" class=\"attachment-hotera_75x75 size-hotera_75x75 wp-post-image\" alt=\"\" srcset=\"https:\/\/www.designhousemilano.it\/wp-content\/uploads\/2025\/10\/ankur-75x75.jpg 75w, https:\/\/www.designhousemilano.it\/wp-content\/uploads\/2025\/10\/ankur-300x300.jpg 300w, https:\/\/www.designhousemilano.it\/wp-content\/uploads\/2025\/10\/ankur-150x150.jpg 150w, https:\/\/www.designhousemilano.it\/wp-content\/uploads\/2025\/10\/ankur-480x480.jpg 480w, https:\/\/www.designhousemilano.it\/wp-content\/uploads\/2025\/10\/ankur-370x370.jpg 370w, https:\/\/www.designhousemilano.it\/wp-content\/uploads\/2025\/10\/ankur-93x93.jpg 93w, https:\/\/www.designhousemilano.it\/wp-content\/uploads\/2025\/10\/ankur-363x363.jpg 363w, https:\/\/www.designhousemilano.it\/wp-content\/uploads\/2025\/10\/ankur.jpg 540w\" sizes=\"(max-width: 75px) 100vw, 75px\" \/><\/div>\n                                    <div class=\"name\">Ankur T. &#8211; Germany<\/div>\n                                    <div class=\"designation\"><\/div>\n                                <\/div>\n                            <\/div>\n                        <\/div>\n                                                <div class=\"testimonial-block\">\n                            <div class=\"inner\">\n                                <div class=\"content-box\">\n                                    <div class=\"content\">\n                                        <div class=\"quote-icon\"><span class=\"flaticon-quote-1\"><\/span><\/div>\n                                        <div class=\"text\">\u00c8 una zona molto tranquilla e residenziale. L&#8217;appartamento \u00e8 arredato con molto gusto e dotato di ogni comfort. L&#8217;appartamento si trova a 150 metri da una nuovissima linea della metropolitana che vi porter\u00e0 nel cuore di Milano in pochi minuti. Anche a pochi passi: una panetteria con dolci molto gustosi e un supermercato con ottimi prodotti freschi. La ciliegina sulla torta del nostro fantastico soggiorno \u00e8 stata l&#8217;accoglienza calorosa e molto amichevole del padrone di casa Davide. Ci ha consegnato personalmente le chiavi dell&#8217;appartamento e ci ha fornito ulteriori informazioni su Milano e sul nostro soggiorno. Davide \u00e8 l&#8217;ospite ideale ...<\/div>\n                                    <\/div>\n                                <\/div>\n                                \n                                <div class=\"info\">\n                                    <div class=\"image\"><img loading=\"lazy\" decoding=\"async\" width=\"75\" height=\"75\" src=\"https:\/\/www.designhousemilano.it\/wp-content\/uploads\/2025\/10\/wim-75x75.jpg\" class=\"attachment-hotera_75x75 size-hotera_75x75 wp-post-image\" alt=\"\" srcset=\"https:\/\/www.designhousemilano.it\/wp-content\/uploads\/2025\/10\/wim-75x75.jpg 75w, https:\/\/www.designhousemilano.it\/wp-content\/uploads\/2025\/10\/wim-300x300.jpg 300w, https:\/\/www.designhousemilano.it\/wp-content\/uploads\/2025\/10\/wim-150x150.jpg 150w, https:\/\/www.designhousemilano.it\/wp-content\/uploads\/2025\/10\/wim-768x768.jpg 768w, https:\/\/www.designhousemilano.it\/wp-content\/uploads\/2025\/10\/wim-480x480.jpg 480w, https:\/\/www.designhousemilano.it\/wp-content\/uploads\/2025\/10\/wim-370x370.jpg 370w, https:\/\/www.designhousemilano.it\/wp-content\/uploads\/2025\/10\/wim-93x93.jpg 93w, https:\/\/www.designhousemilano.it\/wp-content\/uploads\/2025\/10\/wim-363x363.jpg 363w, https:\/\/www.designhousemilano.it\/wp-content\/uploads\/2025\/10\/wim.jpg 788w\" sizes=\"(max-width: 75px) 100vw, 75px\" \/><\/div>\n                                    <div class=\"name\">Wim E. &#8211; Belgium<\/div>\n                                    <div class=\"designation\"><\/div>\n                                <\/div>\n                            <\/div>\n                        <\/div>\n                                                <div class=\"testimonial-block\">\n                            <div class=\"inner\">\n                                <div class=\"content-box\">\n                                    <div class=\"content\">\n                                        <div class=\"quote-icon\"><span class=\"flaticon-quote-1\"><\/span><\/div>\n                                        <div class=\"text\">\u00c8 un appartamento davvero carino, ben arredato, pulito e con elettrodomestici nuovi. Ha tutto ci\u00f2 di cui hai bisogno. \u00c8 stato facile incontrare l&#8217;host, \u00e8 stato molto gentile e disponibile e ha persino aspettato un&#8217;ora perch\u00e9 ero in ritardo. C&#8217;erano dei bei tocchi nell&#8217;appartamento come l&#8217;acqua e la nutella\ud83e\udd70 tutto \u00e8 super pulito, chiaro e semplice. I vicini possono essere un po&#8217; rumorosi, ma questo succede ovunque., Non mi importava. Non c&#8217;\u00e8 davvero niente di male da dire. La posizione \u00e8 ottima, la metropolitana \u00e8 proprio accanto.<\/div>\n                                    <\/div>\n                                <\/div>\n                                \n                                <div class=\"info\">\n                                    <div class=\"image\"><img loading=\"lazy\" decoding=\"async\" width=\"75\" height=\"75\" src=\"https:\/\/www.designhousemilano.it\/wp-content\/uploads\/2025\/10\/jelena-75x75.png\" class=\"attachment-hotera_75x75 size-hotera_75x75 wp-post-image\" alt=\"\" srcset=\"https:\/\/www.designhousemilano.it\/wp-content\/uploads\/2025\/10\/jelena-75x75.png 75w, https:\/\/www.designhousemilano.it\/wp-content\/uploads\/2025\/10\/jelena-300x300.png 300w, https:\/\/www.designhousemilano.it\/wp-content\/uploads\/2025\/10\/jelena-150x150.png 150w, https:\/\/www.designhousemilano.it\/wp-content\/uploads\/2025\/10\/jelena-480x480.png 480w, https:\/\/www.designhousemilano.it\/wp-content\/uploads\/2025\/10\/jelena-370x370.png 370w, https:\/\/www.designhousemilano.it\/wp-content\/uploads\/2025\/10\/jelena-93x93.png 93w, https:\/\/www.designhousemilano.it\/wp-content\/uploads\/2025\/10\/jelena-363x363.png 363w, https:\/\/www.designhousemilano.it\/wp-content\/uploads\/2025\/10\/jelena.png 500w\" sizes=\"(max-width: 75px) 100vw, 75px\" \/><\/div>\n                                    <div class=\"name\">Jelena M. &#8211; Switzerland<\/div>\n                                    <div class=\"designation\"><\/div>\n                                <\/div>\n                            <\/div>\n                        <\/div>\n                                                <div class=\"testimonial-block\">\n                            <div class=\"inner\">\n                                <div class=\"content-box\">\n                                    <div class=\"content\">\n                                        <div class=\"quote-icon\"><span class=\"flaticon-quote-1\"><\/span><\/div>\n                                        <div class=\"text\">Appartamento bellissimo, ottimo gestore Davide e grande padrone di casa. Disponibile ed accogliente. Zona molto bella e curata e strategica per raggiungere tutti punti di rilievo della citt\u00e0.<\/div>\n                                    <\/div>\n                                <\/div>\n                                \n                                <div class=\"info\">\n                                    <div class=\"image\"><img loading=\"lazy\" decoding=\"async\" width=\"75\" height=\"75\" src=\"https:\/\/www.designhousemilano.it\/wp-content\/uploads\/2025\/10\/manfredi-75x75.jpg\" class=\"attachment-hotera_75x75 size-hotera_75x75 wp-post-image\" alt=\"\" srcset=\"https:\/\/www.designhousemilano.it\/wp-content\/uploads\/2025\/10\/manfredi-75x75.jpg 75w, https:\/\/www.designhousemilano.it\/wp-content\/uploads\/2025\/10\/manfredi-300x300.jpg 300w, https:\/\/www.designhousemilano.it\/wp-content\/uploads\/2025\/10\/manfredi-150x150.jpg 150w, https:\/\/www.designhousemilano.it\/wp-content\/uploads\/2025\/10\/manfredi-370x370.jpg 370w, https:\/\/www.designhousemilano.it\/wp-content\/uploads\/2025\/10\/manfredi-93x93.jpg 93w, https:\/\/www.designhousemilano.it\/wp-content\/uploads\/2025\/10\/manfredi-363x363.jpg 363w, https:\/\/www.designhousemilano.it\/wp-content\/uploads\/2025\/10\/manfredi.jpg 410w\" sizes=\"(max-width: 75px) 100vw, 75px\" \/><\/div>\n                                    <div class=\"name\">Manfredi M. &#8211; Italy<\/div>\n                                    <div class=\"designation\"><\/div>\n                                <\/div>\n                            <\/div>\n                        <\/div>\n                                                <div class=\"testimonial-block\">\n                            <div class=\"inner\">\n                                <div class=\"content-box\">\n                                    <div class=\"content\">\n                                        <div class=\"quote-icon\"><span class=\"flaticon-quote-1\"><\/span><\/div>\n                                        <div class=\"text\">L\u2019arredamento e l\u2019atmosfera. Elegante, di design, dal sapore nordico. Pace assoluta. Mi piace molto la zona. Vicino alla nuova metro blu, comodissima.<\/div>\n                                    <\/div>\n                                <\/div>\n                                \n                                <div class=\"info\">\n                                    <div class=\"image\"><img loading=\"lazy\" decoding=\"async\" width=\"75\" height=\"75\" src=\"https:\/\/www.designhousemilano.it\/wp-content\/uploads\/2025\/10\/dario-75x75.jpg\" class=\"attachment-hotera_75x75 size-hotera_75x75 wp-post-image\" alt=\"\" srcset=\"https:\/\/www.designhousemilano.it\/wp-content\/uploads\/2025\/10\/dario-75x75.jpg 75w, https:\/\/www.designhousemilano.it\/wp-content\/uploads\/2025\/10\/dario-150x150.jpg 150w, https:\/\/www.designhousemilano.it\/wp-content\/uploads\/2025\/10\/dario-480x480.jpg 480w, https:\/\/www.designhousemilano.it\/wp-content\/uploads\/2025\/10\/dario-370x370.jpg 370w, https:\/\/www.designhousemilano.it\/wp-content\/uploads\/2025\/10\/dario-93x93.jpg 93w, https:\/\/www.designhousemilano.it\/wp-content\/uploads\/2025\/10\/dario-363x363.jpg 363w\" sizes=\"(max-width: 75px) 100vw, 75px\" \/><\/div>\n                                    <div class=\"name\">Dario M. &#8211; Switzerland<\/div>\n                                    <div class=\"designation\"><\/div>\n                                <\/div>\n                            <\/div>\n                        <\/div>\n                                                <div class=\"testimonial-block\">\n                            <div class=\"inner\">\n                                <div class=\"content-box\">\n                                    <div class=\"content\">\n                                        <div class=\"quote-icon\"><span class=\"flaticon-quote-1\"><\/span><\/div>\n                                        <div class=\"text\">Appartamento recentemente ristrutturato e completamente attrezzato L&#8217; host Davide accogliente e disponibile Ac ben funzionante, smart tv, macchina per il caff\u00e8, letto comodo A pochi passi da supermercato, ristoranti e metropolitana Al rapporto qualit\u00e0-prezzo del soggiorno \u00e8 stato ottimo<\/div>\n                                    <\/div>\n                                <\/div>\n                                \n                                <div class=\"info\">\n                                    <div class=\"image\"><img loading=\"lazy\" decoding=\"async\" width=\"75\" height=\"75\" src=\"https:\/\/www.designhousemilano.it\/wp-content\/uploads\/2025\/10\/antonio-75x75.jpg\" class=\"attachment-hotera_75x75 size-hotera_75x75 wp-post-image\" alt=\"\" srcset=\"https:\/\/www.designhousemilano.it\/wp-content\/uploads\/2025\/10\/antonio-75x75.jpg 75w, https:\/\/www.designhousemilano.it\/wp-content\/uploads\/2025\/10\/antonio-300x300.jpg 300w, https:\/\/www.designhousemilano.it\/wp-content\/uploads\/2025\/10\/antonio-1024x1022.jpg 1024w, https:\/\/www.designhousemilano.it\/wp-content\/uploads\/2025\/10\/antonio-150x150.jpg 150w, https:\/\/www.designhousemilano.it\/wp-content\/uploads\/2025\/10\/antonio-768x767.jpg 768w, https:\/\/www.designhousemilano.it\/wp-content\/uploads\/2025\/10\/antonio-1536x1534.jpg 1536w, https:\/\/www.designhousemilano.it\/wp-content\/uploads\/2025\/10\/antonio-480x480.jpg 480w, https:\/\/www.designhousemilano.it\/wp-content\/uploads\/2025\/10\/antonio-370x370.jpg 370w, https:\/\/www.designhousemilano.it\/wp-content\/uploads\/2025\/10\/antonio-93x93.jpg 93w, https:\/\/www.designhousemilano.it\/wp-content\/uploads\/2025\/10\/antonio-363x363.jpg 363w, https:\/\/www.designhousemilano.it\/wp-content\/uploads\/2025\/10\/antonio.jpg 1862w\" sizes=\"(max-width: 75px) 100vw, 75px\" \/><\/div>\n                                    <div class=\"name\">Antonio A. &#8211; Spain<\/div>\n                                    <div class=\"designation\"><\/div>\n                                <\/div>\n                            <\/div>\n                        <\/div>\n                                                <div class=\"testimonial-block\">\n                            <div class=\"inner\">\n                                <div class=\"content-box\">\n                                    <div class=\"content\">\n                                        <div class=\"quote-icon\"><span class=\"flaticon-quote-1\"><\/span><\/div>\n                                        <div class=\"text\">Viaggio molto e non scrivo quasi mai recensioni, ma DesignHouse \u00e8 uno dei MIGLIORI &#8220;appartamenti in condivisione&#8221; che abbia mai visto. Periodo. (Non c&#8217;\u00e8 pi\u00f9 niente da dire). Tuttavia, le recensioni richiedono dettagli&#8230; Quindi la prima cosa che ho notato \u00e8 stata quanto fosse ben arredato e organizzato questo grazioso e confortevole appartamentino. Ho soggiornato qui tre notti e avrei potuto tranquillamente rimanere una settimana in pi\u00f9. Il letto e la biancheria sono fantastici, le grandi finestre e la luce del mattino sono meravigliose. Si trova in una tranquilla posizione &#8220;cortile&#8221; in un autentico quartiere milanese, vicino alla metropolitana (linea ...<\/div>\n                                    <\/div>\n                                <\/div>\n                                \n                                <div class=\"info\">\n                                    <div class=\"image\"><img loading=\"lazy\" decoding=\"async\" width=\"75\" height=\"75\" src=\"https:\/\/www.designhousemilano.it\/wp-content\/uploads\/2025\/10\/eric-75x75.jpg\" class=\"attachment-hotera_75x75 size-hotera_75x75 wp-post-image\" alt=\"\" srcset=\"https:\/\/www.designhousemilano.it\/wp-content\/uploads\/2025\/10\/eric-75x75.jpg 75w, https:\/\/www.designhousemilano.it\/wp-content\/uploads\/2025\/10\/eric-300x300.jpg 300w, https:\/\/www.designhousemilano.it\/wp-content\/uploads\/2025\/10\/eric-1024x1024.jpg 1024w, https:\/\/www.designhousemilano.it\/wp-content\/uploads\/2025\/10\/eric-150x150.jpg 150w, https:\/\/www.designhousemilano.it\/wp-content\/uploads\/2025\/10\/eric-768x769.jpg 768w, https:\/\/www.designhousemilano.it\/wp-content\/uploads\/2025\/10\/eric-480x480.jpg 480w, https:\/\/www.designhousemilano.it\/wp-content\/uploads\/2025\/10\/eric-370x370.jpg 370w, https:\/\/www.designhousemilano.it\/wp-content\/uploads\/2025\/10\/eric-93x93.jpg 93w, https:\/\/www.designhousemilano.it\/wp-content\/uploads\/2025\/10\/eric-363x363.jpg 363w, https:\/\/www.designhousemilano.it\/wp-content\/uploads\/2025\/10\/eric.jpg 1229w\" sizes=\"(max-width: 75px) 100vw, 75px\" \/><\/div>\n                                    <div class=\"name\">Eric C. &#8211; USA<\/div>\n                                    <div class=\"designation\"><\/div>\n                                <\/div>\n                            <\/div>\n                        <\/div>\n                                            <\/div>\n                <\/div>\n    \n            <\/div>\n        <\/section>\n        \n        \t\t\t\t<\/div>\n\t\t\t\t<\/div>\n\t\t\t\t<div class=\"elementor-element elementor-element-4e8de96 elementor-widget elementor-widget-text-editor\" data-id=\"4e8de96\" data-element_type=\"widget\" data-e-type=\"widget\" data-widget_type=\"text-editor.default\">\n\t\t\t\t\t\t\t\t\t<h2>I nostri riconoscimenti<\/h2>\t\t\t\t\t\t\t\t<\/div>\n\t\t\t\t\t<\/div>\n\t\t\t\t<\/div>\n\t\t<div class=\"elementor-element elementor-element-46b4186 e-grid e-con-boxed e-con e-parent\" data-id=\"46b4186\" data-element_type=\"container\" data-e-type=\"container\">\n\t\t\t\t\t<div class=\"e-con-inner\">\n\t\t\t\t<div class=\"elementor-element elementor-element-27c0575 elementor-invisible elementor-widget elementor-widget-image\" data-id=\"27c0575\" data-element_type=\"widget\" data-e-type=\"widget\" data-settings=\"{&quot;_animation&quot;:&quot;swing&quot;}\" data-widget_type=\"image.default\">\n\t\t\t\t\t\t\t\t\t\t\t\t\t\t\t<img loading=\"lazy\" decoding=\"async\" width=\"300\" height=\"300\" src=\"https:\/\/www.designhousemilano.it\/wp-content\/uploads\/2025\/10\/Digital-Award-TRA-2025-copia-300x300.jpg\" class=\"attachment-medium size-medium wp-image-1339\" alt=\"\" srcset=\"https:\/\/www.designhousemilano.it\/wp-content\/uploads\/2025\/10\/Digital-Award-TRA-2025-copia-300x300.jpg 300w, https:\/\/www.designhousemilano.it\/wp-content\/uploads\/2025\/10\/Digital-Award-TRA-2025-copia-1024x1024.jpg 1024w, https:\/\/www.designhousemilano.it\/wp-content\/uploads\/2025\/10\/Digital-Award-TRA-2025-copia-150x150.jpg 150w, https:\/\/www.designhousemilano.it\/wp-content\/uploads\/2025\/10\/Digital-Award-TRA-2025-copia-768x768.jpg 768w, https:\/\/www.designhousemilano.it\/wp-content\/uploads\/2025\/10\/Digital-Award-TRA-2025-copia-75x75.jpg 75w, https:\/\/www.designhousemilano.it\/wp-content\/uploads\/2025\/10\/Digital-Award-TRA-2025-copia-480x480.jpg 480w, https:\/\/www.designhousemilano.it\/wp-content\/uploads\/2025\/10\/Digital-Award-TRA-2025-copia-370x370.jpg 370w, https:\/\/www.designhousemilano.it\/wp-content\/uploads\/2025\/10\/Digital-Award-TRA-2025-copia-93x93.jpg 93w, https:\/\/www.designhousemilano.it\/wp-content\/uploads\/2025\/10\/Digital-Award-TRA-2025-copia-363x363.jpg 363w, https:\/\/www.designhousemilano.it\/wp-content\/uploads\/2025\/10\/Digital-Award-TRA-2025-copia.jpg 1080w\" sizes=\"(max-width: 300px) 100vw, 300px\" \/>\t\t\t\t\t\t\t\t\t\t\t\t\t\t\t<\/div>\n\t\t\t\t<div class=\"elementor-element elementor-element-01522d4 elementor-invisible elementor-widget elementor-widget-image\" data-id=\"01522d4\" data-element_type=\"widget\" data-e-type=\"widget\" data-settings=\"{&quot;_animation&quot;:&quot;swing&quot;}\" data-widget_type=\"image.default\">\n\t\t\t\t\t\t\t\t\t\t\t\t\t\t\t<img loading=\"lazy\" decoding=\"async\" width=\"300\" height=\"300\" src=\"https:\/\/www.designhousemilano.it\/wp-content\/uploads\/2025\/10\/Schermata-2025-10-07-alle-12.58.18-300x300.png\" class=\"attachment-medium size-medium wp-image-1341\" alt=\"\" srcset=\"https:\/\/www.designhousemilano.it\/wp-content\/uploads\/2025\/10\/Schermata-2025-10-07-alle-12.58.18-300x300.png 300w, https:\/\/www.designhousemilano.it\/wp-content\/uploads\/2025\/10\/Schermata-2025-10-07-alle-12.58.18-150x150.png 150w, https:\/\/www.designhousemilano.it\/wp-content\/uploads\/2025\/10\/Schermata-2025-10-07-alle-12.58.18-768x770.png 768w, https:\/\/www.designhousemilano.it\/wp-content\/uploads\/2025\/10\/Schermata-2025-10-07-alle-12.58.18-75x75.png 75w, https:\/\/www.designhousemilano.it\/wp-content\/uploads\/2025\/10\/Schermata-2025-10-07-alle-12.58.18-480x480.png 480w, https:\/\/www.designhousemilano.it\/wp-content\/uploads\/2025\/10\/Schermata-2025-10-07-alle-12.58.18-370x370.png 370w, https:\/\/www.designhousemilano.it\/wp-content\/uploads\/2025\/10\/Schermata-2025-10-07-alle-12.58.18-93x93.png 93w, https:\/\/www.designhousemilano.it\/wp-content\/uploads\/2025\/10\/Schermata-2025-10-07-alle-12.58.18-363x363.png 363w, https:\/\/www.designhousemilano.it\/wp-content\/uploads\/2025\/10\/Schermata-2025-10-07-alle-12.58.18.png 963w\" sizes=\"(max-width: 300px) 100vw, 300px\" \/>\t\t\t\t\t\t\t\t\t\t\t\t\t\t\t<\/div>\n\t\t\t\t<div class=\"elementor-element elementor-element-e16126d elementor-invisible elementor-widget elementor-widget-image\" data-id=\"e16126d\" data-element_type=\"widget\" data-e-type=\"widget\" data-settings=\"{&quot;_animation&quot;:&quot;swing&quot;}\" data-widget_type=\"image.default\">\n\t\t\t\t\t\t\t\t\t\t\t\t\t\t\t<img loading=\"lazy\" decoding=\"async\" width=\"300\" height=\"300\" src=\"https:\/\/www.designhousemilano.it\/wp-content\/uploads\/2025\/10\/Schermata-2025-10-07-alle-10.15.18-300x300.jpg\" class=\"attachment-medium size-medium wp-image-1348\" alt=\"\" srcset=\"https:\/\/www.designhousemilano.it\/wp-content\/uploads\/2025\/10\/Schermata-2025-10-07-alle-10.15.18-300x300.jpg 300w, https:\/\/www.designhousemilano.it\/wp-content\/uploads\/2025\/10\/Schermata-2025-10-07-alle-10.15.18-150x150.jpg 150w, https:\/\/www.designhousemilano.it\/wp-content\/uploads\/2025\/10\/Schermata-2025-10-07-alle-10.15.18-75x75.jpg 75w, https:\/\/www.designhousemilano.it\/wp-content\/uploads\/2025\/10\/Schermata-2025-10-07-alle-10.15.18-93x93.jpg 93w, https:\/\/www.designhousemilano.it\/wp-content\/uploads\/2025\/10\/Schermata-2025-10-07-alle-10.15.18.jpg 343w\" sizes=\"(max-width: 300px) 100vw, 300px\" \/>\t\t\t\t\t\t\t\t\t\t\t\t\t\t\t<\/div>\n\t\t\t\t\t<\/div>\n\t\t\t\t<\/div>\n\t\t<div class=\"elementor-element elementor-element-c03c93c e-flex e-con-boxed e-con e-parent\" data-id=\"c03c93c\" data-element_type=\"container\" data-e-type=\"container\">\n\t\t\t\t\t<div class=\"e-con-inner\">\n\t\t\t\t<div class=\"elementor-element elementor-element-9d3eb7f elementor-widget elementor-widget-text-editor\" data-id=\"9d3eb7f\" data-element_type=\"widget\" data-e-type=\"widget\" data-widget_type=\"text-editor.default\">\n\t\t\t\t\t\t\t\t\t<h2>Il nostro profilo Instagram<\/h2>\t\t\t\t\t\t\t\t<\/div>\n\t\t\t\t\t<\/div>\n\t\t\t\t<\/div>\n\t\t<div class=\"elementor-element elementor-element-8f2f9db e-flex e-con-boxed e-con e-parent\" data-id=\"8f2f9db\" data-element_type=\"container\" data-e-type=\"container\">\n\t\t\t\t\t<div class=\"e-con-inner\">\n\t\t\t\t<div class=\"elementor-element elementor-element-70c94de elementor-shape-square elementor-grid-0 e-grid-align-center elementor-widget elementor-widget-social-icons\" data-id=\"70c94de\" data-element_type=\"widget\" data-e-type=\"widget\" data-widget_type=\"social-icons.default\">\n\t\t\t\t\t\t\t<div class=\"elementor-social-icons-wrapper elementor-grid\">\n\t\t\t\t\t\t\t<span class=\"elementor-grid-item\">\n\t\t\t\t\t<a class=\"elementor-icon elementor-social-icon elementor-social-icon-instagram elementor-animation-pulse elementor-repeater-item-50a07b8\" href=\"https:\/\/www.instagram.com\/designhousemilano\/\" target=\"_blank\">\n\t\t\t\t\t\t<span class=\"elementor-screen-only\">Instagram<\/span>\n\t\t\t\t\t\t<svg aria-hidden=\"true\" class=\"e-font-icon-svg e-fab-instagram\" viewBox=\"0 0 448 512\" xmlns=\"http:\/\/www.w3.org\/2000\/svg\"><path d=\"M224.1 141c-63.6 0-114.9 51.3-114.9 114.9s51.3 114.9 114.9 114.9S339 319.5 339 255.9 287.7 141 224.1 141zm0 189.6c-41.1 0-74.7-33.5-74.7-74.7s33.5-74.7 74.7-74.7 74.7 33.5 74.7 74.7-33.6 74.7-74.7 74.7zm146.4-194.3c0 14.9-12 26.8-26.8 26.8-14.9 0-26.8-12-26.8-26.8s12-26.8 26.8-26.8 26.8 12 26.8 26.8zm76.1 27.2c-1.7-35.9-9.9-67.7-36.2-93.9-26.2-26.2-58-34.4-93.9-36.2-37-2.1-147.9-2.1-184.9 0-35.8 1.7-67.6 9.9-93.9 36.1s-34.4 58-36.2 93.9c-2.1 37-2.1 147.9 0 184.9 1.7 35.9 9.9 67.7 36.2 93.9s58 34.4 93.9 36.2c37 2.1 147.9 2.1 184.9 0 35.9-1.7 67.7-9.9 93.9-36.2 26.2-26.2 34.4-58 36.2-93.9 2.1-37 2.1-147.8 0-184.8zM398.8 388c-7.8 19.6-22.9 34.7-42.6 42.6-29.5 11.7-99.5 9-132.1 9s-102.7 2.6-132.1-9c-19.6-7.8-34.7-22.9-42.6-42.6-11.7-29.5-9-99.5-9-132.1s-2.6-102.7 9-132.1c7.8-19.6 22.9-34.7 42.6-42.6 29.5-11.7 99.5-9 132.1-9s102.7-2.6 132.1 9c19.6 7.8 34.7 22.9 42.6 42.6 11.7 29.5 9 99.5 9 132.1s2.7 102.7-9 132.1z\"><\/path><\/svg>\t\t\t\t\t<\/a>\n\t\t\t\t<\/span>\n\t\t\t\t\t<\/div>\n\t\t\t\t\t\t<\/div>\n\t\t\t\t\t<\/div>\n\t\t\t\t<\/div>\n\t\t\t\t<\/div>\n\t\t","protected":false},"excerpt":{"rendered":"<p>DesignHouseMilano La tua casa lontano da casa Un luogo tranquillo, essenziale, accogliente.\u2028 Nel cuore di Milano, ma lontano dal rumore.\u2028 DesignHouse \u00e8 uno spazio curato, dove il design \u00e8 semplice e la calma si fa sentire.\u2028\u2028Linee pulite, materiali naturali, atmosfera rilassata.\u2028\u2028Per chi cerca una pausa, un equilibrio, un calmo rifugio urbano. La nostra Storia DesignHouseMilano [&hellip;]<\/p>\n","protected":false},"author":1,"featured_media":0,"parent":0,"menu_order":0,"comment_status":"closed","ping_status":"closed","template":"tpl-default-elementor.php","meta":{"footnotes":""},"class_list":["post-225","page","type-page","status-publish","hentry"],"_links":{"self":[{"href":"https:\/\/www.designhousemilano.it\/index.php?rest_route=\/wp\/v2\/pages\/225","targetHints":{"allow":["GET"]}}],"collection":[{"href":"https:\/\/www.designhousemilano.it\/index.php?rest_route=\/wp\/v2\/pages"}],"about":[{"href":"https:\/\/www.designhousemilano.it\/index.php?rest_route=\/wp\/v2\/types\/page"}],"author":[{"embeddable":true,"href":"https:\/\/www.designhousemilano.it\/index.php?rest_route=\/wp\/v2\/users\/1"}],"replies":[{"embeddable":true,"href":"https:\/\/www.designhousemilano.it\/index.php?rest_route=%2Fwp%2Fv2%2Fcomments&post=225"}],"version-history":[{"count":88,"href":"https:\/\/www.designhousemilano.it\/index.php?rest_route=\/wp\/v2\/pages\/225\/revisions"}],"predecessor-version":[{"id":2006,"href":"https:\/\/www.designhousemilano.it\/index.php?rest_route=\/wp\/v2\/pages\/225\/revisions\/2006"}],"wp:attachment":[{"href":"https:\/\/www.designhousemilano.it\/index.php?rest_route=%2Fwp%2Fv2%2Fmedia&parent=225"}],"curies":[{"name":"wp","href":"https:\/\/api.w.org\/{rel}","templated":true}]}}